{"id":2332,"date":"2026-09-03T10:06:36","date_gmt":"2026-09-03T10:06:36","guid":{"rendered":"https:\/\/egosto.pt\/congressodecozinha\/?post_type=orador&#038;p=2332"},"modified":"2026-09-03T10:08:21","modified_gmt":"2026-09-03T10:08:21","slug":"teresa-vivas","status":"publish","type":"orador","link":"https:\/\/egosto.pt\/congressodecozinha\/orador\/teresa-vivas\/","title":{"rendered":"Teresa Vivas"},"content":{"rendered":"\n<p class=\"wp-block-paragraph\">\u00c9 uma apaixonada por Portugal e pelas suas gentes, produtos e territ\u00f3rios rurais. N\u00e3o por acaso, \u00e9 licenciada em Engenharia Agr\u00edcola pela Universidade de \u00c9vora. <br>Passou pela produ\u00e7\u00e3o agr\u00edcola e foi formadora nas \u00e1reas da produ\u00e7\u00e3o e transforma\u00e7\u00e3o agroalimentar. Entrou no mundo da gastronomia, em 2003, atrav\u00e9s da assessoria ao Chef V\u00edtor Sobral, fun\u00e7\u00e3o que desempenhou durante sete anos. O acumular de diferentes conhecimentos e experi\u00eancias permitiu-lhe fundar a primeira ag\u00eancia de marketing gastron\u00f3mico em Portugal \u2014 a World Chefs Agency\/Chef\u2019s Agency \u2014, dando visibilidade aos chefes numa \u00e9poca em que a cozinha ainda n\u00e3o era not\u00edcia.<\/p>\n\n\n\n<p class=\"wp-block-paragraph\">\u00c9 ativista (DG) d\u2019\u00c0 MESA \u2013 Cultura Gastron\u00f3mica desde 2016, promovendo os territ\u00f3rios atrav\u00e9s dos seus produtos e contribuindo para o desenvolvimento rural e sustent\u00e1vel, tendo como base um dos maiores patrim\u00f3nios de um povo: a cultura gastron\u00f3mica que o distingue.<\/p>\n\n\n\n<p class=\"wp-block-paragraph\">Ajudou a promover os produtos nacionais, em Portugal e no mundo, como \u00e9 exemplo a operacionaliza\u00e7\u00e3o da primeira e segunda fases do programa \u201cTaste Portugal \u2013 Rede de Restaurantes Portugueses no Mundo\u201d, enquanto consultora da Associa\u00e7\u00e3o da Hotelaria, Restaura\u00e7\u00e3o e Similares de Portugal (AHRESP). Coordenou o programa do Turismo de Portugal para a Valoriza\u00e7\u00e3o da Rede de Tabernas do Alto T\u00e2mega e foi parceira no projeto \u201cMais Madeira \u00e0 Mesa\u201d, um programa de valoriza\u00e7\u00e3o dos produtos de matriz madeirense.<\/p>\n\n\n\n<p class=\"wp-block-paragraph\">Foi entronizada pela confraria francesa Disciples Escoffier, em reconhecimento pela sua dedica\u00e7\u00e3o aos assuntos da gastronomia. \u00c9 consultora no projeto Clima Mais Positivo \u2013 Life Maronesa e trabalha a comunica\u00e7\u00e3o de marcas como Desarma \u2013 Chef Oct\u00e1vio Freitas, Howard\u2019s Folly, Solo Maior e Sal Marim. <\/p>\n","protected":false},"excerpt":{"rendered":"<p>\u00c9 uma apaixonada por Portugal e pelas suas gentes, produtos e territ\u00f3rios rurais. N\u00e3o por acaso, \u00e9 licenciada em Engenharia Agr\u00edcola pela Universidade de \u00c9vora. Passou pela produ\u00e7\u00e3o agr\u00edcola e foi formadora nas \u00e1reas da produ\u00e7\u00e3o e transforma\u00e7\u00e3o agroalimentar. Entrou no mundo da gastronomia, em 2003, atrav\u00e9s da assessoria ao Chef V\u00edtor Sobral, fun\u00e7\u00e3o que [&hellip;]<\/p>\n","protected":false},"featured_media":2330,"template":"","dia":[21],"class_list":["post-2332","orador","type-orador","status-publish","has-post-thumbnail","hentry","dia-28-set"],"acf":[],"aioseo_notices":[],"aioseo_head":"\n\t\t<!-- All in One SEO 5.0.1.1 - aioseo.com -->\n\t<meta name=\"description\" content=\"\u00c9 uma apaixonada por Portugal e pelas suas gentes, produtos e territ\u00f3rios rurais. N\u00e3o por acaso, \u00e9 licenciada em Engenharia Agr\u00edcola pela Universidade de \u00c9vora. Passou pela produ\u00e7\u00e3o agr\u00edcola e foi formadora nas \u00e1reas da produ\u00e7\u00e3o e transforma\u00e7\u00e3o agroalimentar. Entrou no mundo da gastronomia, em 2003, atrav\u00e9s da assessoria ao Chef V\u00edtor Sobral, fun\u00e7\u00e3o que\" \/>\n\t<meta name=\"robots\" content=\"max-image-preview:large\" \/>\n\t<link rel=\"canonical\" href=\"https:\/\/egosto.pt\/congressodecozinha\/orador\/teresa-vivas\/\" \/>\n\t<meta name=\"generator\" content=\"All in One SEO (AIOSEO) 5.0.1.1\" \/>\n\t\t<meta property=\"og:locale\" content=\"pt_PT\" \/>\n\t\t<meta property=\"og:site_name\" content=\"Congresso de Cozinha - O momento anual de encontro e reuni\u00e3o da comunidade gastron\u00f3mica nacional.\" \/>\n\t\t<meta property=\"og:type\" content=\"article\" \/>\n\t\t<meta property=\"og:title\" content=\"Teresa Vivas - Congresso de Cozinha\" \/>\n\t\t<meta property=\"og:description\" content=\"\u00c9 uma apaixonada por Portugal e pelas suas gentes, produtos e territ\u00f3rios rurais. N\u00e3o por acaso, \u00e9 licenciada em Engenharia Agr\u00edcola pela Universidade de \u00c9vora. Passou pela produ\u00e7\u00e3o agr\u00edcola e foi formadora nas \u00e1reas da produ\u00e7\u00e3o e transforma\u00e7\u00e3o agroalimentar. Entrou no mundo da gastronomia, em 2003, atrav\u00e9s da assessoria ao Chef V\u00edtor Sobral, fun\u00e7\u00e3o que\" \/>\n\t\t<meta property=\"og:url\" content=\"https:\/\/egosto.pt\/congressodecozinha\/orador\/teresa-vivas\/\" \/>\n\t\t<meta property=\"article:published_time\" content=\"2026-09-03T10:06:36+00:00\" \/>\n\t\t<meta property=\"article:modified_time\" content=\"2026-09-03T10:08:21+00:00\" \/>\n\t\t<meta name=\"twitter:card\" content=\"summary_large_image\" \/>\n\t\t<meta name=\"twitter:title\" content=\"Teresa Vivas - Congresso de Cozinha\" \/>\n\t\t<meta name=\"twitter:description\" content=\"\u00c9 uma apaixonada por Portugal e pelas suas gentes, produtos e territ\u00f3rios rurais. N\u00e3o por acaso, \u00e9 licenciada em Engenharia Agr\u00edcola pela Universidade de \u00c9vora. Passou pela produ\u00e7\u00e3o agr\u00edcola e foi formadora nas \u00e1reas da produ\u00e7\u00e3o e transforma\u00e7\u00e3o agroalimentar. Entrou no mundo da gastronomia, em 2003, atrav\u00e9s da assessoria ao Chef V\u00edtor Sobral, fun\u00e7\u00e3o que\" \/>\n\t\t<script type=\"application\/ld+json\" class=\"aioseo-schema\">\n\t\t\t{\"@context\":\"https:\\\/\\\/schema.org\",\"@graph\":[{\"@type\":\"BreadcrumbList\",\"@id\":\"https:\\\/\\\/egosto.pt\\\/congressodecozinha\\\/orador\\\/teresa-vivas\\\/#breadcrumblist\",\"itemListElement\":[{\"@type\":\"ListItem\",\"@id\":\"https:\\\/\\\/egosto.pt\\\/congressodecozinha#listItem\",\"position\":1,\"name\":\"In\\u00edcio\",\"item\":\"https:\\\/\\\/egosto.pt\\\/congressodecozinha\",\"nextItem\":{\"@type\":\"ListItem\",\"@id\":\"https:\\\/\\\/egosto.pt\\\/congressodecozinha\\\/dia\\\/28-set\\\/#listItem\",\"name\":\"28 Set\"}},{\"@type\":\"ListItem\",\"@id\":\"https:\\\/\\\/egosto.pt\\\/congressodecozinha\\\/dia\\\/28-set\\\/#listItem\",\"position\":2,\"name\":\"28 Set\",\"item\":\"https:\\\/\\\/egosto.pt\\\/congressodecozinha\\\/dia\\\/28-set\\\/\",\"nextItem\":{\"@type\":\"ListItem\",\"@id\":\"https:\\\/\\\/egosto.pt\\\/congressodecozinha\\\/orador\\\/teresa-vivas\\\/#listItem\",\"name\":\"Teresa Vivas\"},\"previousItem\":{\"@type\":\"ListItem\",\"@id\":\"https:\\\/\\\/egosto.pt\\\/congressodecozinha#listItem\",\"name\":\"In\\u00edcio\"}},{\"@type\":\"ListItem\",\"@id\":\"https:\\\/\\\/egosto.pt\\\/congressodecozinha\\\/orador\\\/teresa-vivas\\\/#listItem\",\"position\":3,\"name\":\"Teresa Vivas\",\"previousItem\":{\"@type\":\"ListItem\",\"@id\":\"https:\\\/\\\/egosto.pt\\\/congressodecozinha\\\/dia\\\/28-set\\\/#listItem\",\"name\":\"28 Set\"}}]},{\"@type\":\"Organization\",\"@id\":\"https:\\\/\\\/egosto.pt\\\/congressodecozinha\\\/#organization\",\"name\":\"Congresso dos Cozinheiros\",\"description\":\"O momento anual de encontro e reuni\\u00e3o da comunidade gastron\\u00f3mica nacional.\",\"url\":\"https:\\\/\\\/egosto.pt\\\/congressodecozinha\\\/\"},{\"@type\":\"WebPage\",\"@id\":\"https:\\\/\\\/egosto.pt\\\/congressodecozinha\\\/orador\\\/teresa-vivas\\\/#webpage\",\"url\":\"https:\\\/\\\/egosto.pt\\\/congressodecozinha\\\/orador\\\/teresa-vivas\\\/\",\"name\":\"Teresa Vivas - Congresso de Cozinha\",\"description\":\"\\u00c9 uma apaixonada por Portugal e pelas suas gentes, produtos e territ\\u00f3rios rurais. N\\u00e3o por acaso, \\u00e9 licenciada em Engenharia Agr\\u00edcola pela Universidade de \\u00c9vora. Passou pela produ\\u00e7\\u00e3o agr\\u00edcola e foi formadora nas \\u00e1reas da produ\\u00e7\\u00e3o e transforma\\u00e7\\u00e3o agroalimentar. Entrou no mundo da gastronomia, em 2003, atrav\\u00e9s da assessoria ao Chef V\\u00edtor Sobral, fun\\u00e7\\u00e3o que\",\"inLanguage\":\"pt-PT\",\"isPartOf\":{\"@id\":\"https:\\\/\\\/egosto.pt\\\/congressodecozinha\\\/#website\"},\"breadcrumb\":{\"@id\":\"https:\\\/\\\/egosto.pt\\\/congressodecozinha\\\/orador\\\/teresa-vivas\\\/#breadcrumblist\"},\"image\":{\"@type\":\"ImageObject\",\"url\":\"https:\\\/\\\/egosto.pt\\\/congressodecozinha\\\/wp-content\\\/uploads\\\/sites\\\/21\\\/2026\\\/09\\\/43.png\",\"@id\":\"https:\\\/\\\/egosto.pt\\\/congressodecozinha\\\/orador\\\/teresa-vivas\\\/#mainImage\",\"width\":1667,\"height\":1667},\"primaryImageOfPage\":{\"@id\":\"https:\\\/\\\/egosto.pt\\\/congressodecozinha\\\/orador\\\/teresa-vivas\\\/#mainImage\"},\"datePublished\":\"2026-09-03T10:06:36+00:00\",\"dateModified\":\"2026-09-03T10:08:21+00:00\"},{\"@type\":\"WebSite\",\"@id\":\"https:\\\/\\\/egosto.pt\\\/congressodecozinha\\\/#website\",\"url\":\"https:\\\/\\\/egosto.pt\\\/congressodecozinha\\\/\",\"name\":\"Congresso dos Cozinheiros\",\"description\":\"O momento anual de encontro e reuni\\u00e3o da comunidade gastron\\u00f3mica nacional.\",\"inLanguage\":\"pt-PT\",\"publisher\":{\"@id\":\"https:\\\/\\\/egosto.pt\\\/congressodecozinha\\\/#organization\"}}]}\n\t\t<\/script>\n\t\t<!-- All in One SEO -->\n\n","aioseo_head_json":{"title":"Teresa Vivas - Congresso de Cozinha","description":"\u00c9 uma apaixonada por Portugal e pelas suas gentes, produtos e territ\u00f3rios rurais. N\u00e3o por acaso, \u00e9 licenciada em Engenharia Agr\u00edcola pela Universidade de \u00c9vora. Passou pela produ\u00e7\u00e3o agr\u00edcola e foi formadora nas \u00e1reas da produ\u00e7\u00e3o e transforma\u00e7\u00e3o agroalimentar. Entrou no mundo da gastronomia, em 2003, atrav\u00e9s da assessoria ao Chef V\u00edtor Sobral, fun\u00e7\u00e3o que","canonical_url":"https:\/\/egosto.pt\/congressodecozinha\/orador\/teresa-vivas\/","robots":"max-image-preview:large","keywords":"","webmasterTools":{"miscellaneous":""},"schema":{"@context":"https:\/\/schema.org","@graph":[{"@type":"BreadcrumbList","@id":"https:\/\/egosto.pt\/congressodecozinha\/orador\/teresa-vivas\/#breadcrumblist","itemListElement":[{"@type":"ListItem","@id":"https:\/\/egosto.pt\/congressodecozinha#listItem","position":1,"name":"In\u00edcio","item":"https:\/\/egosto.pt\/congressodecozinha","nextItem":{"@type":"ListItem","@id":"https:\/\/egosto.pt\/congressodecozinha\/dia\/28-set\/#listItem","name":"28 Set"}},{"@type":"ListItem","@id":"https:\/\/egosto.pt\/congressodecozinha\/dia\/28-set\/#listItem","position":2,"name":"28 Set","item":"https:\/\/egosto.pt\/congressodecozinha\/dia\/28-set\/","nextItem":{"@type":"ListItem","@id":"https:\/\/egosto.pt\/congressodecozinha\/orador\/teresa-vivas\/#listItem","name":"Teresa Vivas"},"previousItem":{"@type":"ListItem","@id":"https:\/\/egosto.pt\/congressodecozinha#listItem","name":"In\u00edcio"}},{"@type":"ListItem","@id":"https:\/\/egosto.pt\/congressodecozinha\/orador\/teresa-vivas\/#listItem","position":3,"name":"Teresa Vivas","previousItem":{"@type":"ListItem","@id":"https:\/\/egosto.pt\/congressodecozinha\/dia\/28-set\/#listItem","name":"28 Set"}}]},{"@type":"Organization","@id":"https:\/\/egosto.pt\/congressodecozinha\/#organization","name":"Congresso dos Cozinheiros","description":"O momento anual de encontro e reuni\u00e3o da comunidade gastron\u00f3mica nacional.","url":"https:\/\/egosto.pt\/congressodecozinha\/"},{"@type":"WebPage","@id":"https:\/\/egosto.pt\/congressodecozinha\/orador\/teresa-vivas\/#webpage","url":"https:\/\/egosto.pt\/congressodecozinha\/orador\/teresa-vivas\/","name":"Teresa Vivas - Congresso de Cozinha","description":"\u00c9 uma apaixonada por Portugal e pelas suas gentes, produtos e territ\u00f3rios rurais. N\u00e3o por acaso, \u00e9 licenciada em Engenharia Agr\u00edcola pela Universidade de \u00c9vora. Passou pela produ\u00e7\u00e3o agr\u00edcola e foi formadora nas \u00e1reas da produ\u00e7\u00e3o e transforma\u00e7\u00e3o agroalimentar. Entrou no mundo da gastronomia, em 2003, atrav\u00e9s da assessoria ao Chef V\u00edtor Sobral, fun\u00e7\u00e3o que","inLanguage":"pt-PT","isPartOf":{"@id":"https:\/\/egosto.pt\/congressodecozinha\/#website"},"breadcrumb":{"@id":"https:\/\/egosto.pt\/congressodecozinha\/orador\/teresa-vivas\/#breadcrumblist"},"image":{"@type":"ImageObject","url":"https:\/\/egosto.pt\/congressodecozinha\/wp-content\/uploads\/sites\/21\/2026\/09\/43.png","@id":"https:\/\/egosto.pt\/congressodecozinha\/orador\/teresa-vivas\/#mainImage","width":1667,"height":1667},"primaryImageOfPage":{"@id":"https:\/\/egosto.pt\/congressodecozinha\/orador\/teresa-vivas\/#mainImage"},"datePublished":"2026-09-03T10:06:36+00:00","dateModified":"2026-09-03T10:08:21+00:00"},{"@type":"WebSite","@id":"https:\/\/egosto.pt\/congressodecozinha\/#website","url":"https:\/\/egosto.pt\/congressodecozinha\/","name":"Congresso dos Cozinheiros","description":"O momento anual de encontro e reuni\u00e3o da comunidade gastron\u00f3mica nacional.","inLanguage":"pt-PT","publisher":{"@id":"https:\/\/egosto.pt\/congressodecozinha\/#organization"}}]},"og:locale":"pt_PT","og:site_name":"Congresso de Cozinha - O momento anual de encontro e reuni\u00e3o da comunidade gastron\u00f3mica nacional.","og:type":"article","og:title":"Teresa Vivas - Congresso de Cozinha","og:description":"\u00c9 uma apaixonada por Portugal e pelas suas gentes, produtos e territ\u00f3rios rurais. N\u00e3o por acaso, \u00e9 licenciada em Engenharia Agr\u00edcola pela Universidade de \u00c9vora. Passou pela produ\u00e7\u00e3o agr\u00edcola e foi formadora nas \u00e1reas da produ\u00e7\u00e3o e transforma\u00e7\u00e3o agroalimentar. Entrou no mundo da gastronomia, em 2003, atrav\u00e9s da assessoria ao Chef V\u00edtor Sobral, fun\u00e7\u00e3o que","og:url":"https:\/\/egosto.pt\/congressodecozinha\/orador\/teresa-vivas\/","article:published_time":"2026-09-03T10:06:36+00:00","article:modified_time":"2026-09-03T10:08:21+00:00","twitter:card":"summary_large_image","twitter:title":"Teresa Vivas - Congresso de Cozinha","twitter:description":"\u00c9 uma apaixonada por Portugal e pelas suas gentes, produtos e territ\u00f3rios rurais. N\u00e3o por acaso, \u00e9 licenciada em Engenharia Agr\u00edcola pela Universidade de \u00c9vora. Passou pela produ\u00e7\u00e3o agr\u00edcola e foi formadora nas \u00e1reas da produ\u00e7\u00e3o e transforma\u00e7\u00e3o agroalimentar. Entrou no mundo da gastronomia, em 2003, atrav\u00e9s da assessoria ao Chef V\u00edtor Sobral, fun\u00e7\u00e3o que"},"aioseo_meta_data":{"post_id":"2332","title":null,"description":null,"keywords":null,"keyphrases":{"focus":{"keyphrase":"","score":0,"analysis":{"keyphraseInTitle":{"score":0,"maxScore":9,"error":1}}},"additional":[]},"primary_term":null,"canonical_url":null,"og_title":null,"og_description":null,"og_object_type":"default","og_image_type":"default","og_image_url":null,"og_image_width":null,"og_image_height":null,"og_image_custom_url":null,"og_image_custom_fields":null,"og_video":"","og_custom_url":null,"og_article_section":null,"og_article_tags":null,"twitter_use_og":false,"twitter_card":"default","twitter_image_type":"default","twitter_image_url":null,"twitter_image_custom_url":null,"twitter_image_custom_fields":null,"twitter_title":null,"twitter_description":null,"schema":{"blockGraphs":[],"customGraphs":[],"default":{"data":{"Article":[],"Course":[],"Dataset":[],"FAQPage":[],"Movie":[],"Person":[],"Product":[],"ProductReview":[],"Car":[],"Recipe":[],"Service":[],"SoftwareApplication":[],"WebPage":[]},"graphName":"WebPage","isEnabled":true},"graphs":[]},"schema_type":"default","schema_type_options":null,"pillar_content":false,"robots_default":true,"robots_noindex":false,"robots_noarchive":false,"robots_nosnippet":false,"robots_nofollow":false,"robots_noimageindex":false,"robots_noodp":false,"robots_notranslate":false,"robots_max_snippet":"-1","robots_max_videopreview":"-1","robots_max_imagepreview":"large","priority":null,"frequency":"default","local_seo":null,"breadcrumb_settings":null,"limit_modified_date":false,"ai":{"faqs":[],"keyPoints":[],"schemas":[],"titles":[],"descriptions":[],"socialPosts":{"email":{"subject":"","preview":"","content":""},"linkedin":[],"twitter":[],"facebook":[],"instagram":[]}},"created":"2026-09-03 10:00:34","updated":"2026-09-03 10:08:21","seo_analyzer_scan_date":null,"focus_keyword":null,"additional_keywords":null,"truseo_locale":null},"aioseo_breadcrumb":"<div class=\"aioseo-breadcrumbs\"><span class=\"aioseo-breadcrumb\">\n\t\t\t<a href=\"https:\/\/egosto.pt\/congressodecozinha\" title=\"In\u00edcio\">In\u00edcio<\/a>\n\t\t<\/span><span class=\"aioseo-breadcrumb-separator\">&raquo;<\/span><span class=\"aioseo-breadcrumb\">\n\t\t\t<a href=\"https:\/\/egosto.pt\/congressodecozinha\/dia\/28-set\/\" title=\"28 Set\">28 Set<\/a>\n\t\t<\/span><span class=\"aioseo-breadcrumb-separator\">&raquo;<\/span><span class=\"aioseo-breadcrumb\">\n\t\t\tTeresa Vivas\n\t\t<\/span><\/div>","aioseo_breadcrumb_json":[{"label":"In\u00edcio","link":"https:\/\/egosto.pt\/congressodecozinha"},{"label":"28 Set","link":"https:\/\/egosto.pt\/congressodecozinha\/dia\/28-set\/"},{"label":"Teresa Vivas","link":"https:\/\/egosto.pt\/congressodecozinha\/orador\/teresa-vivas\/"}],"_links":{"self":[{"href":"https:\/\/egosto.pt\/congressodecozinha\/wp-json\/wp\/v2\/orador\/2332","targetHints":{"allow":["GET"]}}],"collection":[{"href":"https:\/\/egosto.pt\/congressodecozinha\/wp-json\/wp\/v2\/orador"}],"about":[{"href":"https:\/\/egosto.pt\/congressodecozinha\/wp-json\/wp\/v2\/types\/orador"}],"wp:featuredmedia":[{"embeddable":true,"href":"https:\/\/egosto.pt\/congressodecozinha\/wp-json\/wp\/v2\/media\/2330"}],"wp:attachment":[{"href":"https:\/\/egosto.pt\/congressodecozinha\/wp-json\/wp\/v2\/media?parent=2332"}],"wp:term":[{"taxonomy":"dia","embeddable":true,"href":"https:\/\/egosto.pt\/congressodecozinha\/wp-json\/wp\/v2\/dia?post=2332"}],"curies":[{"name":"wp","href":"https:\/\/api.w.org\/{rel}","templated":true}]}}